{"id":14,"date":"2025-10-30T09:17:17","date_gmt":"2025-10-30T09:17:17","guid":{"rendered":"https:\/\/maleo-am-lech.at\/?page_id=14"},"modified":"2025-12-03T06:45:14","modified_gmt":"2025-12-03T06:45:14","slug":"impressum","status":"publish","type":"page","link":"https:\/\/maleo-am-lech.at\/index.php\/impressum\/","title":{"rendered":"Impressum"},"content":{"rendered":"<div class=\"wpb-content-wrapper\"><p>[vc_row][vc_column][vc_column_text css=&#8220;&#8220;]<\/p>\r\n<h2><!-- \/wp:post-content --><\/h2>\r\n<p><!-- wp:paragraph --><strong><span style=\"color: #333333;\">Informationen \u00fcber den Diensteanbieter.<\/span><\/strong><\/p>\r\n<p><span style=\"color: #333333;\"><!-- wp:paragraph --><strong>Maleo am Lech<br \/><\/strong>Eug\u00e9nie M\u00e9lard Oberreiter<\/span><\/p>\r\n<p><span style=\"color: #333333;\"><!-- wp:paragraph \/--><\/span><\/p>\r\n<p><!-- wp:paragraph -->Luxnach 155\/2<br \/><span style=\"color: #333333;\">6651 H\u00e4selgehr<\/span><br \/><span style=\"color: #333333;\">\u00d6sterreich<\/span><\/p>\r\n<p><span style=\"color: #333333;\"><!-- \/wp:paragraph --><\/span><\/p>\r\n<p><!-- wp:paragraph --><strong>Tel.:<\/strong> +43 676 460 94 05<br \/><span style=\"color: #333333;\"><strong>E-Mail:<\/strong>\u00a0<a style=\"color: #333333;\" href=\"mailto:urlaub@maleo-am-lech.at\">urlaub@maleo-am-lech.at<\/a><\/span><\/p>\r\n<p><span style=\"color: #333333;\"><!-- \/wp:paragraph --><\/span><\/p>\r\n<p><!-- wp:paragraph --><strong>Datenschutz Verantwortlicher<\/strong><br \/><span style=\"color: #333333;\">Eug\u00e9nie M\u00e9lard Oberreiter<\/span><br \/><span style=\"color: #333333;\">Luxnach 155\/2<\/span><br \/><span style=\"color: #333333;\">6651 H\u00e4selgehr<\/span><br \/><span style=\"color: #333333;\"><strong>E-Mail:<\/strong>\u00a0<a style=\"color: #333333;\" href=\"mailto:urlaub@maleo-am-lech.at\">urlaub@maleo-am-lech.at<\/a><\/span><br \/><span style=\"color: #333333;\"><strong>Tel.:<\/strong> +43 676 460 94 05<\/span><br \/><span style=\"color: #333333;\"><strong>Impressum:<\/strong>\u00a0<a style=\"color: #333333;\" href=\"https:\/\/maleo-am-lech.at\/impressum\/\" target=\"_blank\" rel=\"noreferrer noopener\">https:\/\/maleo-am-lech.at\/impressum\/<\/a><\/span><\/p>\r\n<p><span style=\"color: #333333;\"><!-- \/wp:paragraph --><\/span><\/p>\r\n<!-- wp:heading -->\r\n<p id=\"bildernachweis\" class=\"wp-block-heading\"><strong><span style=\"color: #333333;\">Bildernachweis<br \/><\/span><\/strong><!-- wp:paragraph -->Die Bilder, Fotos und Grafiken auf dieser Webseite sind urheberrechtlich gesch\u00fctzt.<\/p>\r\n<p><span style=\"color: #333333;\"><!-- \/wp:paragraph --><\/span><\/p>\r\n<p><span style=\"color: #333333;\"><!-- \/wp:heading --><\/span><\/p>\r\n<p><!-- wp:paragraph --><strong>Die Bilderrechte liegen bei:<\/strong><br \/><span style=\"color: #333333;\">Fotograf Claudia Lindner<\/span><\/p>\r\n<p><span style=\"color: #333333;\"><!-- \/wp:paragraph --><\/span><\/p>\r\n<p><!-- wp:paragraph -->Alle Texte sind urheberrechtlich gesch\u00fctzt.<\/p>\r\n<p><span style=\"color: #333333;\"><!-- \/wp:paragraph --><\/span><\/p>\r\n<p><!-- wp:paragraph -->Quelle: Erstellt mit dem\u00a0<a style=\"color: #333333;\" href=\"https:\/\/www.adsimple.at\/impressum-generator\/\">Impressum Generator<\/a>\u00a0von AdSimple<\/p>\r\n<p><span style=\"color: #333333;\"><!-- \/wp:paragraph --><\/span><\/p>\r\n<!-- wp:heading {\"level\":1} -->\r\n<h1 class=\"wp-block-heading\">\u00a0<\/h1>\r\n<p><span style=\"color: #333333;\"><!-- \/wp:heading --><\/span><\/p>\r\n<p>&nbsp;<\/p>\r\n<p>[\/vc_column_text][\/vc_column][\/vc_row]<\/p><!-- \/wp:paragraph --><\/div>","protected":false},"excerpt":{"rendered":"<p>[vc_row][vc_column][vc_column_text css=&#8220;&#8220;] Informationen \u00fcber den Diensteanbieter. Maleo am LechEug\u00e9nie M\u00e9lard Oberreiter Luxnach 155\/26651 H\u00e4selgehr\u00d6sterreich Tel.: +43 676 460 94 05E-Mail:\u00a0urlaub@maleo-am-lech.at Datenschutz VerantwortlicherEug\u00e9nie M\u00e9lard OberreiterLuxnach 155\/26651 H\u00e4selgehrE-Mail:\u00a0urlaub@maleo-am-lech.atTel.: +43 676 460 94 05Impressum:\u00a0https:\/\/maleo-am-lech.at\/impressum\/ BildernachweisDie Bilder, Fotos und Grafiken auf dieser Webseite sind urheberrechtlich gesch\u00fctzt. Die Bilderrechte liegen bei:Fotograf Claudia Lindner Alle Texte [&hellip;]<\/p>\n","protected":false},"author":2,"featured_media":0,"parent":0,"menu_order":0,"comment_status":"closed","ping_status":"closed","template":"","meta":{"footnotes":""},"class_list":["post-14","page","type-page","status-publish","hentry"],"_links":{"self":[{"href":"https:\/\/maleo-am-lech.at\/index.php\/wp-json\/wp\/v2\/pages\/14","targetHints":{"allow":["GET"]}}],"collection":[{"href":"https:\/\/maleo-am-lech.at\/index.php\/wp-json\/wp\/v2\/pages"}],"about":[{"href":"https:\/\/maleo-am-lech.at\/index.php\/wp-json\/wp\/v2\/types\/page"}],"author":[{"embeddable":true,"href":"https:\/\/maleo-am-lech.at\/index.php\/wp-json\/wp\/v2\/users\/2"}],"replies":[{"embeddable":true,"href":"https:\/\/maleo-am-lech.at\/index.php\/wp-json\/wp\/v2\/comments?post=14"}],"version-history":[{"count":10,"href":"https:\/\/maleo-am-lech.at\/index.php\/wp-json\/wp\/v2\/pages\/14\/revisions"}],"predecessor-version":[{"id":396,"href":"https:\/\/maleo-am-lech.at\/index.php\/wp-json\/wp\/v2\/pages\/14\/revisions\/396"}],"wp:attachment":[{"href":"https:\/\/maleo-am-lech.at\/index.php\/wp-json\/wp\/v2\/media?parent=14"}],"curies":[{"name":"wp","href":"https:\/\/api.w.org\/{rel}","templated":true}]}}