{"id":145,"date":"2025-11-04T08:42:48","date_gmt":"2025-11-04T08:42:48","guid":{"rendered":"https:\/\/maleo-am-lech.at\/?page_id=145"},"modified":"2025-11-04T13:57:59","modified_gmt":"2025-11-04T13:57:59","slug":"lechtal","status":"publish","type":"page","link":"https:\/\/maleo-am-lech.at\/index.php\/lechtal\/","title":{"rendered":"Lechtal"},"content":{"rendered":"<div class=\"wpb-content-wrapper\"><p>[vc_row css=&#8220;.vc_custom_1762264664074{margin-top: -40px !important;margin-right: 5px !important;margin-left: 5px !important;}&#8220;][vc_column width=&#8220;1\/6&#8243;][\/vc_column][vc_column width=&#8220;2\/3&#8243;][vc_row_inner content_placement=&#8220;middle&#8220; gap=&#8220;10&#8243;][vc_column_inner width=&#8220;1\/3&#8243;][vc_single_image image=&#8220;165&#8243; img_size=&#8220;full&#8220; style=&#8220;vc_box_shadow&#8220; css=&#8220;&#8220;][\/vc_column_inner][vc_column_inner width=&#8220;1\/3&#8243;][vc_single_image image=&#8220;164&#8243; img_size=&#8220;full&#8220; style=&#8220;vc_box_shadow&#8220; css=&#8220;&#8220;][\/vc_column_inner][vc_column_inner width=&#8220;1\/3&#8243;][vc_column_text css_animation=&#8220;bounceIn&#8220; css=&#8220;.vc_custom_1762264657692{margin-top: -20px !important;}&#8220;]<img loading=\"lazy\" decoding=\"async\" class=\"aligncenter wp-image-148\" src=\"http:\/\/maleo-am-lech.at\/wp-content\/uploads\/2025\/11\/Maleo_am_Lech_Schriftzug_freizeit-300x114.png\" alt=\"\" width=\"250\" height=\"95\" srcset=\"https:\/\/maleo-am-lech.at\/wp-content\/uploads\/2025\/11\/Maleo_am_Lech_Schriftzug_freizeit-300x114.png 300w, https:\/\/maleo-am-lech.at\/wp-content\/uploads\/2025\/11\/Maleo_am_Lech_Schriftzug_freizeit.png 662w\" sizes=\"auto, (max-width: 250px) 100vw, 250px\" \/>[\/vc_column_text][vc_column_text css=&#8220;.vc_custom_1762245971773{margin-top: -20px !important;}&#8220;]<\/p>\n<p style=\"text-align: center;\"><span style=\"color: #64605e;\"><strong>Im Maleo am Lech beginnt das Abenteuer direkt vor der T\u00fcr.<\/strong><br \/>\nUmgeben von beeindruckender Berglandschaft und dem sanften Lauf des Lechs, bietet unsere Region unz\u00e4hlige M\u00f6glichkeiten, aktiv zu sein oder einfach die Seele baumeln zu lassen.<\/span><\/p>\n<p>[\/vc_column_text][\/vc_column_inner][\/vc_row_inner][vc_empty_space][\/vc_column][vc_column width=&#8220;1\/6&#8243;][\/vc_column][\/vc_row][vc_row full_width=&#8220;stretch_row&#8220; css=&#8220;.vc_custom_1762253683107{background-color: #005A5C !important;background-position: center !important;background-repeat: no-repeat !important;background-size: cover !important;}&#8220;][vc_column width=&#8220;1\/6&#8243;][\/vc_column][vc_column width=&#8220;2\/3&#8243;][vc_empty_space][vc_row_inner content_placement=&#8220;top&#8220; gap=&#8220;25&#8243; css=&#8220;.vc_custom_1762264670715{margin-right: 5px !important;margin-left: 5px !important;}&#8220;][vc_column_inner width=&#8220;1\/2&#8243;][vc_column_text css=&#8220;&#8220;]<img loading=\"lazy\" decoding=\"async\" class=\"aligncenter wp-image-209\" src=\"http:\/\/maleo-am-lech.at\/wp-content\/uploads\/2025\/11\/Maleo_am_Lech_Iconspng-13-300x300.png\" alt=\"\" width=\"80\" height=\"80\" srcset=\"https:\/\/maleo-am-lech.at\/wp-content\/uploads\/2025\/11\/Maleo_am_Lech_Iconspng-13-300x300.png 300w, https:\/\/maleo-am-lech.at\/wp-content\/uploads\/2025\/11\/Maleo_am_Lech_Iconspng-13-150x150.png 150w, https:\/\/maleo-am-lech.at\/wp-content\/uploads\/2025\/11\/Maleo_am_Lech_Iconspng-13.png 418w\" sizes=\"auto, (max-width: 80px) 100vw, 80px\" \/>[\/vc_column_text][vc_custom_heading text=&#8220;SOMMER&#8220; font_container=&#8220;tag:h3|text_align:center|color:%23E0DAD9&#8243; google_fonts=&#8220;font_family:Ubuntu%3A300%2C300italic%2Cregular%2Citalic%2C500%2C500italic%2C700%2C700italic|font_style:500%20bold%20regular%3A500%3Anormal&#8220; css=&#8220;&#8220;][vc_column_text css=&#8220;&#8220;]<\/p>\n<p style=\"text-align: center;\"><span style=\"color: #e0dad9;\">Wenn die Berge in sattem Gr\u00fcn erstrahlen beginnt bei uns die sch\u00f6nste Zeit. Wandern, Radfahren, Schwimmen oder einfach die Sonne auf der Terrasse sp\u00fcren \u2013 der Sommer im Lechtal steckt voller M\u00f6glichkeiten.<\/span><\/p>\n<p>[\/vc_column_text][vc_btn title=&#8220;SOMMER&#8220; style=&#8220;outline-custom&#8220; outline_custom_color=&#8220;#E0DAD9&#8243; outline_custom_hover_background=&#8220;#005A5C&#8220; outline_custom_hover_text=&#8220;#E0DAD9&#8243; shape=&#8220;square&#8220; align=&#8220;center&#8220; css=&#8220;&#8220; link=&#8220;url:https%3A%2F%2Fmaleo-am-lech.at%2Findex.php%2Fsommer%2F|title:Sommer&#8220;][\/vc_column_inner][vc_column_inner width=&#8220;1\/2&#8243;][vc_column_text css=&#8220;&#8220;]<img loading=\"lazy\" decoding=\"async\" class=\"aligncenter wp-image-210\" src=\"http:\/\/maleo-am-lech.at\/wp-content\/uploads\/2025\/11\/Maleo_am_Lech_Iconspng-14-300x300.png\" alt=\"\" width=\"80\" height=\"80\" srcset=\"https:\/\/maleo-am-lech.at\/wp-content\/uploads\/2025\/11\/Maleo_am_Lech_Iconspng-14-300x300.png 300w, https:\/\/maleo-am-lech.at\/wp-content\/uploads\/2025\/11\/Maleo_am_Lech_Iconspng-14-150x150.png 150w, https:\/\/maleo-am-lech.at\/wp-content\/uploads\/2025\/11\/Maleo_am_Lech_Iconspng-14.png 417w\" sizes=\"auto, (max-width: 80px) 100vw, 80px\" \/>[\/vc_column_text][vc_custom_heading text=&#8220;WINTER&#8220; font_container=&#8220;tag:h3|text_align:center|color:%23E0DAD9&#8243; google_fonts=&#8220;font_family:Ubuntu%3A300%2C300italic%2Cregular%2Citalic%2C500%2C500italic%2C700%2C700italic|font_style:500%20bold%20regular%3A500%3Anormal&#8220; css=&#8220;&#8220;][vc_column_text css=&#8220;&#8220;]<\/p>\n<p style=\"text-align: center;\"><span style=\"color: #e0dad9;\">Wenn sich das Tal in Schnee h\u00fcllt, wird\u2019s ruhig, klar und wundersch\u00f6n. Skifahren, Langlaufen, Rodeln oder Winterwandern \u2013 der Winter rund um H\u00e4selgehr bietet Abwechslung f\u00fcr Gro\u00df und Klein.<\/span><\/p>\n<p>[\/vc_column_text][vc_btn title=&#8220;WINTER&#8220; style=&#8220;outline-custom&#8220; outline_custom_color=&#8220;#E0DAD9&#8243; outline_custom_hover_background=&#8220;#005A5C&#8220; outline_custom_hover_text=&#8220;#E0DAD9&#8243; shape=&#8220;square&#8220; align=&#8220;center&#8220; css=&#8220;&#8220; link=&#8220;url:https%3A%2F%2Fmaleo-am-lech.at%2Findex.php%2Fwinter%2F|title:Winter&#8220;][\/vc_column_inner][\/vc_row_inner][vc_empty_space][\/vc_column][vc_column width=&#8220;1\/6&#8243;][\/vc_column][\/vc_row][vc_row css=&#8220;.vc_custom_1762264676840{margin-right: 5px !important;margin-left: 5px !important;}&#8220;][vc_column width=&#8220;1\/6&#8243;][\/vc_column][vc_column width=&#8220;2\/3&#8243;][vc_empty_space][vc_row_inner][vc_column_inner width=&#8220;1\/2&#8243;][vc_cta h2=&#8220;LECHTAL ACTIV CARD&#8220; h2_font_container=&#8220;tag:h3|text_align:left|color:%23E0DAD9&#8243; h2_google_fonts=&#8220;font_family:Ubuntu%3A300%2C300italic%2Cregular%2Citalic%2C500%2C500italic%2C700%2C700italic|font_style:500%20bold%20regular%3A500%3Anormal&#8220; shape=&#8220;square&#8220; style=&#8220;custom&#8220; css=&#8220;.vc_custom_1762246802071{border-top-width: 1px !important;border-right-width: 1px !important;border-bottom-width: 1px !important;border-left-width: 1px !important;border-left-style: solid !important;border-right-style: solid !important;border-top-style: solid !important;border-bottom-style: solid !important;border-color: #64605E !important;}&#8220; use_custom_fonts_h2=&#8220;true&#8220; custom_background=&#8220;#64605E&#8220; custom_text=&#8220;#E0DAD9&#8243;]<span style=\"color: #e0dad9;\"><strong>G\u00dcLTIG VON MAI BIS OKTOBER<\/strong><br \/>\nNeben kostenlosem Wanderbus, erm\u00e4\u00dfigten Eintritten oder einmalig kostenlosen Bergbahnfahrten bietet die Karte auch ein umfangreiches Freizeitprogramm f\u00fcr die ganze Familie.<\/span>[\/vc_cta][\/vc_column_inner][vc_column_inner width=&#8220;1\/2&#8243;][vc_cta h2=&#8220;LECHTAL TOURISMUS&#8220; h2_font_container=&#8220;tag:h3|text_align:left|color:%2300868A&#8220; h2_google_fonts=&#8220;font_family:Ubuntu%3A300%2C300italic%2Cregular%2Citalic%2C500%2C500italic%2C700%2C700italic|font_style:500%20bold%20regular%3A500%3Anormal&#8220; shape=&#8220;square&#8220; style=&#8220;custom&#8220; add_button=&#8220;bottom&#8220; btn_title=&#8220;DETAILS&#8220; btn_style=&#8220;outline-custom&#8220; btn_outline_custom_color=&#8220;#00868A&#8220; btn_outline_custom_hover_background=&#8220;#E0DAD9&#8243; btn_outline_custom_hover_text=&#8220;#00868A&#8220; btn_shape=&#8220;square&#8220; btn_align=&#8220;left&#8220; css=&#8220;.vc_custom_1762246866199{border-top-width: 1px !important;border-right-width: 1px !important;border-bottom-width: 1px !important;border-left-width: 1px !important;border-left-style: solid !important;border-right-style: solid !important;border-top-style: solid !important;border-bottom-style: solid !important;border-color: #E0DAD9 !important;}&#8220; use_custom_fonts_h2=&#8220;true&#8220; custom_background=&#8220;#E0DAD9&#8243; custom_text=&#8220;#00868A&#8220; btn_link=&#8220;url:https%3A%2F%2Fwww.lechtal.at%2Fde%2Finfrastrukturen%2Flechtal-tourismus-info-hauptbuero-elbigenalp.html|target:_blank&#8220;]<span style=\"color: #64605e;\">Dorf 46 | <\/span><span style=\"color: #64605e;\">6652 Elbigenalp<br \/>\n<\/span><span style=\"color: #64605e;\"><strong>T<\/strong> +43 5634 5315<\/span><br \/>\n<span style=\"color: #64605e;\"><strong>M<\/strong> info@lechtal.at<\/span>[\/vc_cta][\/vc_column_inner][\/vc_row_inner][\/vc_column][vc_column width=&#8220;1\/6&#8243;][\/vc_column][\/vc_row][vc_row disable_element=&#8220;yes&#8220;][vc_column width=&#8220;1\/4&#8243;][\/vc_column][vc_column width=&#8220;1\/2&#8243;][vc_empty_space][vc_column_text css=&#8220;&#8220;]<img loading=\"lazy\" decoding=\"async\" class=\"aligncenter wp-image-55\" src=\"http:\/\/maleo-am-lech.at\/wp-content\/uploads\/2025\/10\/Maleo_Schriftzug_Apartment-300x114.png\" alt=\"\" width=\"250\" height=\"95\" srcset=\"https:\/\/maleo-am-lech.at\/wp-content\/uploads\/2025\/10\/Maleo_Schriftzug_Apartment-300x114.png 300w, https:\/\/maleo-am-lech.at\/wp-content\/uploads\/2025\/10\/Maleo_Schriftzug_Apartment.png 662w\" sizes=\"auto, (max-width: 250px) 100vw, 250px\" \/>[\/vc_column_text][vc_column_text css=&#8220;.vc_custom_1761897513457{margin-top: -20px !important;}&#8220;]<\/p>\n<p style=\"text-align: center;\"><span style=\"color: #64605e;\"><strong>Das Maleo am Lech vereint modernes Design mit alpinem Charme.<\/strong> <\/span><br \/>\n<span style=\"color: #64605e;\">Helle R\u00e4ume, nat\u00fcrliche Materialien und liebevolle Details schaffen eine Atmosph\u00e4re zum Ankommen und Wohlf\u00fchlen. Vom Balkon aus genie\u00dfen Sie den Blick auf die Berge und den Lech \u2013 ein Ort, an dem Ruhe, Komfort und Natur harmonisch zusammenfinden.<\/span><\/p>\n<p>[\/vc_column_text][vc_btn title=&#8220;DETAILS&#8220; style=&#8220;outline-custom&#8220; outline_custom_color=&#8220;#00868A&#8220; outline_custom_hover_background=&#8220;#FFFFFF&#8220; outline_custom_hover_text=&#8220;#00868A&#8220; shape=&#8220;square&#8220; size=&#8220;sm&#8220; align=&#8220;center&#8220; css=&#8220;&#8220;][vc_empty_space][\/vc_column][vc_column width=&#8220;1\/4&#8243;][\/vc_column][\/vc_row]<\/p>\n<\/div>","protected":false},"excerpt":{"rendered":"<p>[vc_row css=&#8220;.vc_custom_1762264664074{margin-top: -40px !important;margin-right: 5px !important;margin-left: 5px !important;}&#8220;][vc_column width=&#8220;1\/6&#8243;][\/vc_column][vc_column width=&#8220;2\/3&#8243;][vc_row_inner content_placement=&#8220;middle&#8220; gap=&#8220;10&#8243;][vc_column_inner width=&#8220;1\/3&#8243;][vc_single_image image=&#8220;165&#8243; img_size=&#8220;full&#8220; style=&#8220;vc_box_shadow&#8220; css=&#8220;&#8220;][\/vc_column_inner][vc_column_inner width=&#8220;1\/3&#8243;][vc_single_image image=&#8220;164&#8243; img_size=&#8220;full&#8220; style=&#8220;vc_box_shadow&#8220; css=&#8220;&#8220;][\/vc_column_inner][vc_column_inner width=&#8220;1\/3&#8243;][vc_column_text css_animation=&#8220;bounceIn&#8220; css=&#8220;.vc_custom_1762264657692{margin-top: -20px !important;}&#8220;][\/vc_column_text][vc_column_text css=&#8220;.vc_custom_1762245971773{margin-top: -20px !important;}&#8220;] Im Maleo am Lech beginnt das Abenteuer direkt vor der T\u00fcr. Umgeben von beeindruckender Berglandschaft und dem sanften Lauf des [&hellip;]<\/p>\n","protected":false},"author":3,"featured_media":0,"parent":0,"menu_order":0,"comment_status":"closed","ping_status":"closed","template":"page-templates\/full-width-builder-bb.php","meta":{"footnotes":""},"class_list":["post-145","page","type-page","status-publish","hentry"],"_links":{"self":[{"href":"https:\/\/maleo-am-lech.at\/index.php\/wp-json\/wp\/v2\/pages\/145","targetHints":{"allow":["GET"]}}],"collection":[{"href":"https:\/\/maleo-am-lech.at\/index.php\/wp-json\/wp\/v2\/pages"}],"about":[{"href":"https:\/\/maleo-am-lech.at\/index.php\/wp-json\/wp\/v2\/types\/page"}],"author":[{"embeddable":true,"href":"https:\/\/maleo-am-lech.at\/index.php\/wp-json\/wp\/v2\/users\/3"}],"replies":[{"embeddable":true,"href":"https:\/\/maleo-am-lech.at\/index.php\/wp-json\/wp\/v2\/comments?post=145"}],"version-history":[{"count":24,"href":"https:\/\/maleo-am-lech.at\/index.php\/wp-json\/wp\/v2\/pages\/145\/revisions"}],"predecessor-version":[{"id":300,"href":"https:\/\/maleo-am-lech.at\/index.php\/wp-json\/wp\/v2\/pages\/145\/revisions\/300"}],"wp:attachment":[{"href":"https:\/\/maleo-am-lech.at\/index.php\/wp-json\/wp\/v2\/media?parent=145"}],"curies":[{"name":"wp","href":"https:\/\/api.w.org\/{rel}","templated":true}]}}