{"id":263,"date":"2025-11-04T13:01:42","date_gmt":"2025-11-04T13:01:42","guid":{"rendered":"https:\/\/maleo-am-lech.at\/?page_id=263"},"modified":"2025-12-02T07:49:28","modified_gmt":"2025-12-02T07:49:28","slug":"service-2","status":"publish","type":"page","link":"https:\/\/maleo-am-lech.at\/index.php\/service-2\/","title":{"rendered":"Service"},"content":{"rendered":"<div class=\"wpb-content-wrapper\"><p>[vc_row css=&#8220;.vc_custom_1762264595048{margin-top: -40px !important;margin-right: 5px !important;margin-left: 5px !important;}&#8220;][vc_column width=&#8220;1\/4&#8243;][\/vc_column][vc_column width=&#8220;1\/2&#8243;][vc_row_inner content_placement=&#8220;middle&#8220; gap=&#8220;10&#8243;][vc_column_inner][vc_column_text css_animation=&#8220;bounceIn&#8220; css=&#8220;.vc_custom_1762264589012{margin-top: -20px !important;}&#8220;]<img loading=\"lazy\" decoding=\"async\" class=\"wp-image-264 aligncenter\" src=\"http:\/\/maleo-am-lech.at\/wp-content\/uploads\/2025\/11\/Maleo_am_Lech_Schriftzug_Service-300x114.png\" alt=\"\" width=\"250\" height=\"95\" srcset=\"https:\/\/maleo-am-lech.at\/wp-content\/uploads\/2025\/11\/Maleo_am_Lech_Schriftzug_Service-300x114.png 300w, https:\/\/maleo-am-lech.at\/wp-content\/uploads\/2025\/11\/Maleo_am_Lech_Schriftzug_Service.png 662w\" sizes=\"auto, (max-width: 250px) 100vw, 250px\" \/>[\/vc_column_text][vc_column_text css=&#8220;.vc_custom_1763032989562{margin-top: -20px !important;}&#8220;]<\/p>\n<p style=\"text-align: center;\"><span style=\"color: #64605e;\"><strong>Im Maleo am Lech m\u00f6chten wir,<br \/>\ndass Sie sich von Anfang an wie zuhause f\u00fchlen.<\/strong><br \/>\nWir legen Wert auf Herzlichkeit, pers\u00f6nliche<br \/>\nBetreuung und viele kleine Details, die Ihren<br \/>\nAufenthalt besonders machen.<\/span><\/p>\n<p style=\"text-align: center;\"><strong><span style=\"color: #64605e;\">Ihre Gastgeberin spricht flie\u00dfend Franz\u00f6sisch<br \/>\nund hei\u00dft daher G\u00e4ste aus Frankreich und<br \/>\nBelgien herzlich willkommen.<\/span><\/strong><\/p>\n<p>[\/vc_column_text][\/vc_column_inner][\/vc_row_inner][\/vc_column][vc_column width=&#8220;1\/4&#8243;][\/vc_column][\/vc_row][vc_row full_width=&#8220;stretch_row&#8220; css=&#8220;.vc_custom_1762262137256{background-color: #005A5C !important;background-position: center !important;background-repeat: no-repeat !important;background-size: cover !important;}&#8220;][vc_column][vc_empty_space][vc_row_inner content_placement=&#8220;top&#8220; gap=&#8220;25&#8243; css=&#8220;.vc_custom_1762264601588{margin-right: 5px !important;margin-left: 5px !important;}&#8220;][vc_column_inner width=&#8220;1\/5&#8243;][vc_column_text css=&#8220;&#8220;]<img loading=\"lazy\" decoding=\"async\" class=\"aligncenter wp-image-288\" src=\"http:\/\/maleo-am-lech.at\/wp-content\/uploads\/2025\/11\/Maleo_am_Lech_Icon-14-300x300.png\" alt=\"\" width=\"80\" height=\"80\" srcset=\"https:\/\/maleo-am-lech.at\/wp-content\/uploads\/2025\/11\/Maleo_am_Lech_Icon-14-300x300.png 300w, https:\/\/maleo-am-lech.at\/wp-content\/uploads\/2025\/11\/Maleo_am_Lech_Icon-14-150x150.png 150w, https:\/\/maleo-am-lech.at\/wp-content\/uploads\/2025\/11\/Maleo_am_Lech_Icon-14.png 418w\" sizes=\"auto, (max-width: 80px) 100vw, 80px\" \/>[\/vc_column_text][vc_column_text css=&#8220;.vc_custom_1762262863181{margin-top: -20px !important;}&#8220;]<\/p>\n<p style=\"text-align: center;\"><span style=\"color: #e0dad9;\">WLAN im<br \/>\ngesamten Haus<br \/>\nverf\u00fcgbar<\/span><\/p>\n<p>[\/vc_column_text][\/vc_column_inner][vc_column_inner width=&#8220;1\/5&#8243;][vc_column_text css=&#8220;&#8220;]<img loading=\"lazy\" decoding=\"async\" class=\"aligncenter wp-image-289\" src=\"http:\/\/maleo-am-lech.at\/wp-content\/uploads\/2025\/11\/Maleo_am_Lech_Icon-16-300x300.png\" alt=\"\" width=\"80\" height=\"80\" srcset=\"https:\/\/maleo-am-lech.at\/wp-content\/uploads\/2025\/11\/Maleo_am_Lech_Icon-16-300x300.png 300w, https:\/\/maleo-am-lech.at\/wp-content\/uploads\/2025\/11\/Maleo_am_Lech_Icon-16-150x150.png 150w, https:\/\/maleo-am-lech.at\/wp-content\/uploads\/2025\/11\/Maleo_am_Lech_Icon-16.png 417w\" sizes=\"auto, (max-width: 80px) 100vw, 80px\" \/>[\/vc_column_text][vc_column_text css=&#8220;.vc_custom_1762262870773{margin-top: -20px !important;}&#8220;]<\/p>\n<p style=\"text-align: center;\"><span style=\"color: #e0dad9;\">Kostenlose<br \/>\nParkpl\u00e4tze direkt<br \/>\nvor dem Haus<\/span><\/p>\n<p>[\/vc_column_text][\/vc_column_inner][vc_column_inner width=&#8220;1\/5&#8243;][vc_column_text css=&#8220;&#8220;]<img loading=\"lazy\" decoding=\"async\" class=\"aligncenter wp-image-336\" src=\"http:\/\/maleo-am-lech.at\/wp-content\/uploads\/2025\/11\/Maleo_am_Lech_breze_icon-300x300.png\" alt=\"\" width=\"80\" height=\"80\" srcset=\"https:\/\/maleo-am-lech.at\/wp-content\/uploads\/2025\/11\/Maleo_am_Lech_breze_icon-300x300.png 300w, https:\/\/maleo-am-lech.at\/wp-content\/uploads\/2025\/11\/Maleo_am_Lech_breze_icon-150x150.png 150w, https:\/\/maleo-am-lech.at\/wp-content\/uploads\/2025\/11\/Maleo_am_Lech_breze_icon.png 418w\" sizes=\"auto, (max-width: 80px) 100vw, 80px\" \/>[\/vc_column_text][vc_column_text css=&#8220;.vc_custom_1762857063882{margin-top: -20px !important;}&#8220;]<\/p>\n<p style=\"text-align: center;\"><span style=\"color: #e0dad9;\">T\u00e4glicher<br \/>\nBr\u00f6tchenservice<br \/>\nauf Wunsch<br \/>\n<\/span><\/p>\n<p>[\/vc_column_text][\/vc_column_inner][vc_column_inner width=&#8220;1\/5&#8243;][vc_column_text css=&#8220;&#8220;]<img loading=\"lazy\" decoding=\"async\" class=\"aligncenter wp-image-291\" src=\"http:\/\/maleo-am-lech.at\/wp-content\/uploads\/2025\/11\/Maleo_am_Lech_Icon-18-300x300.png\" alt=\"\" width=\"80\" height=\"80\" srcset=\"https:\/\/maleo-am-lech.at\/wp-content\/uploads\/2025\/11\/Maleo_am_Lech_Icon-18-300x300.png 300w, https:\/\/maleo-am-lech.at\/wp-content\/uploads\/2025\/11\/Maleo_am_Lech_Icon-18-150x150.png 150w, https:\/\/maleo-am-lech.at\/wp-content\/uploads\/2025\/11\/Maleo_am_Lech_Icon-18.png 417w\" sizes=\"auto, (max-width: 80px) 100vw, 80px\" \/>[\/vc_column_text][vc_column_text css=&#8220;.vc_custom_1762262938187{margin-top: -20px !important;}&#8220;]<\/p>\n<p style=\"text-align: center;\"><span style=\"color: #e0dad9;\">Voll ausgestattete<br \/>\nK\u00fcche mit<br \/>\nKaffeemaschine<\/span><\/p>\n<p>[\/vc_column_text][\/vc_column_inner][vc_column_inner width=&#8220;1\/5&#8243;][vc_column_text css=&#8220;&#8220;]<img loading=\"lazy\" decoding=\"async\" class=\"wp-image-290 aligncenter\" src=\"http:\/\/maleo-am-lech.at\/wp-content\/uploads\/2025\/11\/Maleo_am_Lech_Icon-17-300x300.png\" alt=\"\" width=\"80\" height=\"80\" srcset=\"https:\/\/maleo-am-lech.at\/wp-content\/uploads\/2025\/11\/Maleo_am_Lech_Icon-17-300x300.png 300w, https:\/\/maleo-am-lech.at\/wp-content\/uploads\/2025\/11\/Maleo_am_Lech_Icon-17-150x150.png 150w, https:\/\/maleo-am-lech.at\/wp-content\/uploads\/2025\/11\/Maleo_am_Lech_Icon-17.png 418w\" sizes=\"auto, (max-width: 80px) 100vw, 80px\" \/>[\/vc_column_text][vc_column_text css=&#8220;.vc_custom_1762262928309{margin-top: -20px !important;}&#8220;]<\/p>\n<p style=\"text-align: center;\"><span style=\"color: #e0dad9;\">Bettw\u00e4sche und<br \/>\nHandt\u00fccher stellen<br \/>\nwir bereit<\/span><\/p>\n<p>[\/vc_column_text][\/vc_column_inner][\/vc_row_inner][vc_empty_space][\/vc_column][\/vc_row][vc_row css=&#8220;.vc_custom_1764661728426{background-image: url(http:\/\/maleo-am-lech.at\/wp-content\/uploads\/2025\/11\/Maleo_am_Lech_Service_3.jpg?id=285) !important;background-position: center !important;background-repeat: no-repeat !important;background-size: cover !important;}&#8220;][vc_column width=&#8220;1\/6&#8243;][\/vc_column][vc_column width=&#8220;2\/3&#8243;][vc_empty_space height=&#8220;50&#8243;][vc_row_inner css=&#8220;.vc_custom_1762264617049{margin-right: 5px !important;margin-left: 5px !important;}&#8220;][vc_column_inner width=&#8220;1\/2&#8243;][\/vc_column_inner][vc_column_inner width=&#8220;1\/2&#8243;][vc_cta h2=&#8220;FR\u00dcHST\u00dcCK&#8220; h2_font_container=&#8220;tag:h3|text_align:left|color:%2300868A&#8220; h2_google_fonts=&#8220;font_family:Ubuntu%3A300%2C300italic%2Cregular%2Citalic%2C500%2C500italic%2C700%2C700italic|font_style:500%20bold%20regular%3A500%3Anormal&#8220; shape=&#8220;square&#8220; style=&#8220;custom&#8220; css=&#8220;.vc_custom_1762857136344{border-top-width: 1px !important;border-right-width: 1px !important;border-bottom-width: 1px !important;border-left-width: 1px !important;border-left-style: solid !important;border-right-style: solid !important;border-top-style: solid !important;border-bottom-style: solid !important;border-color: #E0DAD9 !important;}&#8220; use_custom_fonts_h2=&#8220;true&#8220; custom_background=&#8220;#E0DAD9&#8243; custom_text=&#8220;#00868A&#8220;]<span style=\"color: #64605e;\"><strong>Starten Sie den Tag mit Genuss.<\/strong><br \/>\nFrischer Kaffee, gute Laune und die klare Tiroler Luft sorgen f\u00fcr den perfekten Beginn Ihres Urlaubstages. Auf Wunsch genie\u00dfen Sie unseren <strong>Br\u00f6tchenservice<\/strong> und schmecken die Frische unserer <strong>eigenen Bio-Eier<\/strong> (saisonal).<\/span>[\/vc_cta][\/vc_column_inner][\/vc_row_inner][vc_empty_space height=&#8220;50&#8243;][\/vc_column][vc_column width=&#8220;1\/6&#8243;][\/vc_column][\/vc_row][vc_row css=&#8220;.vc_custom_1762264609200{margin-right: 5px !important;margin-left: 5px !important;}&#8220;][vc_column width=&#8220;1\/6&#8243;][\/vc_column][vc_column width=&#8220;2\/3&#8243;][vc_empty_space][vc_row_inner][vc_column_inner width=&#8220;1\/3&#8243;][vc_cta h2=&#8220;ZAHLUNG&#8220; h2_font_container=&#8220;tag:h3|text_align:left|color:%23E0DAD9&#8243; h2_google_fonts=&#8220;font_family:Ubuntu%3A300%2C300italic%2Cregular%2Citalic%2C500%2C500italic%2C700%2C700italic|font_style:500%20bold%20regular%3A500%3Anormal&#8220; shape=&#8220;square&#8220; style=&#8220;custom&#8220; css=&#8220;.vc_custom_1763106454125{border-top-width: 1px !important;border-right-width: 1px !important;border-bottom-width: 1px !important;border-left-width: 1px !important;border-left-style: solid !important;border-right-style: solid !important;border-top-style: solid !important;border-bottom-style: solid !important;border-color: #64605E !important;}&#8220; use_custom_fonts_h2=&#8220;true&#8220; custom_background=&#8220;#64605E&#8220; custom_text=&#8220;#E0DAD9&#8243;]<span style=\"color: #e0dad9;\"><strong>KEINE Kartenzahlung m\u00f6glich \u2013 nur Barzahlung.<\/strong> Oder \u00fcberweise den Betrag bis sp\u00e4testens 3 Tage vor Anreise.<\/span><\/p>\n<p><span style=\"color: #e0dad9;\"><strong>Bankverbindung:<\/strong><\/span><br \/>\n<span style=\"color: #e0dad9;\">Sparkasse Reutte AG<\/span><br \/>\n<span style=\"color: #e0dad9;\">IBAN: AT74 2050 9000 0034 9340<\/span><br \/>\n<span style=\"color: #e0dad9;\">BIC: SPREAT21XXX<\/span><\/p>\n<p><span style=\"color: #e0dad9;\"><strong>Ortstaxe:<\/strong><\/span><br \/>\n<span style=\"color: #e0dad9;\">+ \u20ac 2,60 pro Person\/Nacht<\/span><br \/>\n<span style=\"color: #e0dad9;\">(ab dem 14. Lebensjahr)<\/span>[\/vc_cta][vc_single_image image=&#8220;282&#8243; img_size=&#8220;full&#8220; style=&#8220;vc_box_shadow&#8220; css=&#8220;&#8220;][\/vc_column_inner][vc_column_inner width=&#8220;1\/3&#8243;][vc_single_image image=&#8220;283&#8243; img_size=&#8220;full&#8220; style=&#8220;vc_box_shadow&#8220; css=&#8220;&#8220;][vc_cta h2=&#8220;AN- UND ABREISE&#8220; h2_font_container=&#8220;tag:h3|text_align:left|color:%2300868A&#8220; h2_google_fonts=&#8220;font_family:Ubuntu%3A300%2C300italic%2Cregular%2Citalic%2C500%2C500italic%2C700%2C700italic|font_style:500%20bold%20regular%3A500%3Anormal&#8220; shape=&#8220;square&#8220; style=&#8220;custom&#8220; css=&#8220;.vc_custom_1762261737667{border-top-width: 1px !important;border-right-width: 1px !important;border-bottom-width: 1px !important;border-left-width: 1px !important;border-left-style: solid !important;border-right-style: solid !important;border-top-style: solid !important;border-bottom-style: solid !important;border-color: #E0DAD9 !important;}&#8220; use_custom_fonts_h2=&#8220;true&#8220; custom_background=&#8220;#E0DAD9&#8243; custom_text=&#8220;#00868A&#8220;]<span style=\"color: #64605e;\"><strong>CHECK-IN:<\/strong> ab 16:00 Uhr<br \/>\n<strong>CHECK-OUT:<\/strong> bis 10:00 Uhr<\/span>[\/vc_cta][vc_cta h2=&#8220;REISEVERSICHERUNG&#8220; h2_font_container=&#8220;tag:h3|text_align:left|color:%23E0DAD9&#8243; h2_google_fonts=&#8220;font_family:Ubuntu%3A300%2C300italic%2Cregular%2Citalic%2C500%2C500italic%2C700%2C700italic|font_style:500%20bold%20regular%3A500%3Anormal&#8220; shape=&#8220;square&#8220; style=&#8220;custom&#8220; add_button=&#8220;bottom&#8220; btn_title=&#8220;DETAILS&#8220; btn_style=&#8220;outline-custom&#8220; btn_outline_custom_color=&#8220;#E0DAD9&#8243; btn_outline_custom_hover_background=&#8220;#005A5C&#8220; btn_outline_custom_hover_text=&#8220;#E0DAD9&#8243; btn_shape=&#8220;square&#8220; btn_align=&#8220;left&#8220; css=&#8220;.vc_custom_1762261822451{border-top-width: 1px !important;border-right-width: 1px !important;border-bottom-width: 1px !important;border-left-width: 1px !important;border-left-style: solid !important;border-right-style: solid !important;border-top-style: solid !important;border-bottom-style: solid !important;border-color: #005A5C !important;}&#8220; use_custom_fonts_h2=&#8220;true&#8220; custom_background=&#8220;#005A5C&#8220; custom_text=&#8220;#E0DAD9&#8243; btn_link=&#8220;url:https%3A%2F%2Fwww.europaeische.at%2Fvertriebspartner%2Fhotelvermieter|target:_blank&#8220;]<span style=\"color: #e0dad9;\">Bitte denken Sie an eine Reiseversicherung und vermeide unn\u00f6tige Storno-Kosten im Fall einer Verhinderung.<\/span>[\/vc_cta][\/vc_column_inner][vc_column_inner width=&#8220;1\/3&#8243;][vc_cta h2=&#8220;STORNO&#8220; h2_font_container=&#8220;tag:h3|text_align:left|color:%23E0DAD9&#8243; h2_google_fonts=&#8220;font_family:Ubuntu%3A300%2C300italic%2Cregular%2Citalic%2C500%2C500italic%2C700%2C700italic|font_style:500%20bold%20regular%3A500%3Anormal&#8220; shape=&#8220;square&#8220; style=&#8220;custom&#8220; add_button=&#8220;bottom&#8220; btn_title=&#8220;DETAILS&#8220; btn_style=&#8220;outline-custom&#8220; btn_outline_custom_color=&#8220;#E0DAD9&#8243; btn_outline_custom_hover_background=&#8220;#64605E&#8220; btn_outline_custom_hover_text=&#8220;#E0DAD9&#8243; btn_shape=&#8220;square&#8220; btn_align=&#8220;left&#8220; css=&#8220;.vc_custom_1763106219264{border-top-width: 1px !important;border-right-width: 1px !important;border-bottom-width: 1px !important;border-left-width: 1px !important;border-left-style: solid !important;border-right-style: solid !important;border-top-style: solid !important;border-bottom-style: solid !important;border-color: #64605E !important;}&#8220; use_custom_fonts_h2=&#8220;true&#8220; custom_background=&#8220;#64605E&#8220; custom_text=&#8220;#E0DAD9&#8243; btn_link=&#8220;url:https%3A%2F%2Fwww.wko.at%2Foe%2Ftourismus-freizeitwirtschaft%2Fhotellerie%2Fagb-hotellerie.pdf|target:_blank&#8220;]<span style=\"color: #e0dad9;\"><strong>Es gilt das \u00d6sterreichische Hotelreglement.<\/strong><\/span><br \/>\n<span style=\"color: #e0dad9;\">7 Tage vor Anreise 100%<\/span><br \/>\n<span style=\"color: #e0dad9;\">15 Tage vor Anreise 90%<\/span><br \/>\n<span style=\"color: #e0dad9;\">31 Tage vor Anreise 70%<\/span><br \/>\n<span style=\"color: #e0dad9;\">999 Tage vor Anreise 30 %<\/span><br \/>\n<span style=\"color: #e0dad9;\">Bei Nichtanreise oder Storno am Anreisetag 100%<\/span>[\/vc_cta][vc_cta h2=&#8220;AN- UND RESTZAHLUNG&#8220; h2_font_container=&#8220;tag:h3|text_align:left|color:%2300868A&#8220; h2_google_fonts=&#8220;font_family:Ubuntu%3A300%2C300italic%2Cregular%2Citalic%2C500%2C500italic%2C700%2C700italic|font_style:500%20bold%20regular%3A500%3Anormal&#8220; shape=&#8220;square&#8220; style=&#8220;custom&#8220; css=&#8220;.vc_custom_1763106310455{border-top-width: 1px !important;border-right-width: 1px !important;border-bottom-width: 1px !important;border-left-width: 1px !important;border-left-style: solid !important;border-right-style: solid !important;border-top-style: solid !important;border-bottom-style: solid !important;border-color: #E0DAD9 !important;}&#8220; use_custom_fonts_h2=&#8220;true&#8220; custom_background=&#8220;#E0DAD9&#8243; custom_text=&#8220;#00868A&#8220;]<span style=\"color: #64605e;\"><strong>Anzahlung:<\/strong> 50\u202f% des Gesamtpreises, zahlbar innerhalb von 14 Tagen nach der Buchung per Bank\u00fcberweisung.<\/span><br \/>\n<span style=\"color: #64605e;\"><strong>Restzahlung:<\/strong> Bis 3 Tage vor Anreise per Bank\u00fcberweisung, Restzahlung bar vor Ort.<\/span>[\/vc_cta][\/vc_column_inner][\/vc_row_inner][vc_empty_space][\/vc_column][vc_column width=&#8220;1\/6&#8243;][\/vc_column][\/vc_row][vc_row disable_element=&#8220;yes&#8220;][vc_column width=&#8220;1\/4&#8243;][\/vc_column][vc_column width=&#8220;1\/2&#8243;][vc_empty_space][vc_column_text css=&#8220;&#8220;]<img loading=\"lazy\" decoding=\"async\" class=\"aligncenter wp-image-55\" src=\"http:\/\/maleo-am-lech.at\/wp-content\/uploads\/2025\/10\/Maleo_Schriftzug_Apartment-300x114.png\" alt=\"\" width=\"250\" height=\"95\" srcset=\"https:\/\/maleo-am-lech.at\/wp-content\/uploads\/2025\/10\/Maleo_Schriftzug_Apartment-300x114.png 300w, https:\/\/maleo-am-lech.at\/wp-content\/uploads\/2025\/10\/Maleo_Schriftzug_Apartment.png 662w\" sizes=\"auto, (max-width: 250px) 100vw, 250px\" \/>[\/vc_column_text][vc_column_text css=&#8220;.vc_custom_1761897513457{margin-top: -20px !important;}&#8220;]<\/p>\n<p style=\"text-align: center;\"><span style=\"color: #64605e;\"><strong>Das Maleo am Lech vereint modernes Design mit alpinem Charme.<\/strong> <\/span><br \/>\n<span style=\"color: #64605e;\">Helle R\u00e4ume, nat\u00fcrliche Materialien und liebevolle Details schaffen eine Atmosph\u00e4re zum Ankommen und Wohlf\u00fchlen. Vom Balkon aus genie\u00dfen Sie den Blick auf die Berge und den Lech \u2013 ein Ort, an dem Ruhe, Komfort und Natur harmonisch zusammenfinden.<\/span><\/p>\n<p>[\/vc_column_text][vc_btn title=&#8220;DETAILS&#8220; style=&#8220;outline-custom&#8220; outline_custom_color=&#8220;#00868A&#8220; outline_custom_hover_background=&#8220;#FFFFFF&#8220; outline_custom_hover_text=&#8220;#00868A&#8220; shape=&#8220;square&#8220; size=&#8220;sm&#8220; align=&#8220;center&#8220; css=&#8220;&#8220;][vc_empty_space][\/vc_column][vc_column width=&#8220;1\/4&#8243;][\/vc_column][\/vc_row]<\/p>\n<\/div>","protected":false},"excerpt":{"rendered":"<p>[vc_row css=&#8220;.vc_custom_1762264595048{margin-top: -40px !important;margin-right: 5px !important;margin-left: 5px !important;}&#8220;][vc_column width=&#8220;1\/4&#8243;][\/vc_column][vc_column width=&#8220;1\/2&#8243;][vc_row_inner content_placement=&#8220;middle&#8220; gap=&#8220;10&#8243;][vc_column_inner][vc_column_text css_animation=&#8220;bounceIn&#8220; css=&#8220;.vc_custom_1762264589012{margin-top: -20px !important;}&#8220;][\/vc_column_text][vc_column_text css=&#8220;.vc_custom_1763032989562{margin-top: -20px !important;}&#8220;] Im Maleo am Lech m\u00f6chten wir, dass Sie sich von Anfang an wie zuhause f\u00fchlen. Wir legen Wert auf Herzlichkeit, pers\u00f6nliche Betreuung und viele kleine Details, die Ihren Aufenthalt besonders machen. [&hellip;]<\/p>\n","protected":false},"author":3,"featured_media":0,"parent":0,"menu_order":0,"comment_status":"closed","ping_status":"closed","template":"page-templates\/full-width-builder-bb.php","meta":{"footnotes":""},"class_list":["post-263","page","type-page","status-publish","hentry"],"_links":{"self":[{"href":"https:\/\/maleo-am-lech.at\/index.php\/wp-json\/wp\/v2\/pages\/263","targetHints":{"allow":["GET"]}}],"collection":[{"href":"https:\/\/maleo-am-lech.at\/index.php\/wp-json\/wp\/v2\/pages"}],"about":[{"href":"https:\/\/maleo-am-lech.at\/index.php\/wp-json\/wp\/v2\/types\/page"}],"author":[{"embeddable":true,"href":"https:\/\/maleo-am-lech.at\/index.php\/wp-json\/wp\/v2\/users\/3"}],"replies":[{"embeddable":true,"href":"https:\/\/maleo-am-lech.at\/index.php\/wp-json\/wp\/v2\/comments?post=263"}],"version-history":[{"count":43,"href":"https:\/\/maleo-am-lech.at\/index.php\/wp-json\/wp\/v2\/pages\/263\/revisions"}],"predecessor-version":[{"id":378,"href":"https:\/\/maleo-am-lech.at\/index.php\/wp-json\/wp\/v2\/pages\/263\/revisions\/378"}],"wp:attachment":[{"href":"https:\/\/maleo-am-lech.at\/index.php\/wp-json\/wp\/v2\/media?parent=263"}],"curies":[{"name":"wp","href":"https:\/\/api.w.org\/{rel}","templated":true}]}}