{"id":95,"date":"2025-10-31T10:44:37","date_gmt":"2025-10-31T10:44:37","guid":{"rendered":"https:\/\/maleo-am-lech.at\/?page_id=95"},"modified":"2025-11-11T10:27:03","modified_gmt":"2025-11-11T10:27:03","slug":"apartment","status":"publish","type":"page","link":"https:\/\/maleo-am-lech.at\/index.php\/apartment\/","title":{"rendered":"Apartment"},"content":{"rendered":"<div class=\"wpb-content-wrapper\"><p>[vc_row css=&#8220;.vc_custom_1762264485329{margin-top: -40px !important;margin-right: 5px !important;margin-left: 5px !important;}&#8220;][vc_column width=&#8220;1\/6&#8243;][\/vc_column][vc_column width=&#8220;2\/3&#8243;][vc_row_inner content_placement=&#8220;middle&#8220; gap=&#8220;10&#8243;][vc_column_inner width=&#8220;1\/3&#8243;][vc_single_image image=&#8220;115&#8243; img_size=&#8220;full&#8220; style=&#8220;vc_box_shadow&#8220; css=&#8220;&#8220;][\/vc_column_inner][vc_column_inner width=&#8220;1\/3&#8243;][vc_single_image image=&#8220;116&#8243; img_size=&#8220;full&#8220; style=&#8220;vc_box_shadow&#8220; css=&#8220;&#8220;][\/vc_column_inner][vc_column_inner width=&#8220;1\/3&#8243;][vc_column_text css_animation=&#8220;bounceIn&#8220; css=&#8220;&#8220;]<img loading=\"lazy\" decoding=\"async\" class=\"aligncenter wp-image-55\" src=\"http:\/\/maleo-am-lech.at\/wp-content\/uploads\/2025\/10\/Maleo_Schriftzug_Apartment-300x114.png\" alt=\"\" width=\"200\" height=\"76\" srcset=\"https:\/\/maleo-am-lech.at\/wp-content\/uploads\/2025\/10\/Maleo_Schriftzug_Apartment-300x114.png 300w, https:\/\/maleo-am-lech.at\/wp-content\/uploads\/2025\/10\/Maleo_Schriftzug_Apartment.png 662w\" sizes=\"auto, (max-width: 200px) 100vw, 200px\" \/>[\/vc_column_text][vc_column_text css=&#8220;.vc_custom_1762856314258{margin-top: -20px !important;}&#8220;]<\/p>\n<p style=\"text-align: center;\"><span style=\"color: #64605e;\"><strong>Ihr R\u00fcckzugsort f\u00fcr Erholung.<br \/>\n<\/strong><\/span><span style=\"color: #64605e;\">Auf ca. 30 m\u00b2 bietet das Maleo am Lech modernen Komfort und stilvolles Design. Ideal f\u00fcr Paare, die Ruhe und Natur genie\u00dfen m\u00f6chten.<\/span><\/p>\n<p>[\/vc_column_text][vc_btn title=&#8220;BUCHEN&#8220; style=&#8220;outline-custom&#8220; outline_custom_color=&#8220;#00868A&#8220; outline_custom_hover_background=&#8220;#FFFFFF&#8220; outline_custom_hover_text=&#8220;#00868A&#8220; shape=&#8220;square&#8220; align=&#8220;center&#8220; css=&#8220;&#8220; link=&#8220;url:https%3A%2F%2Fmaleo-am-lech.at%2Findex.php%2Fbuchen%2F|title:Buchen&#8220;][\/vc_column_inner][\/vc_row_inner][vc_empty_space][\/vc_column][vc_column width=&#8220;1\/6&#8243;][\/vc_column][\/vc_row][vc_row full_width=&#8220;stretch_row&#8220; css=&#8220;.vc_custom_1762253663489{background-color: #005A5C !important;background-position: center !important;background-repeat: no-repeat !important;background-size: cover !important;}&#8220;][vc_column width=&#8220;1\/6&#8243;][\/vc_column][vc_column width=&#8220;2\/3&#8243;][vc_empty_space][vc_row_inner content_placement=&#8220;middle&#8220; gap=&#8220;25&#8243; css=&#8220;.vc_custom_1762264499709{margin-right: 5px !important;margin-left: 5px !important;}&#8220;][vc_column_inner width=&#8220;2\/3&#8243;][vc_custom_heading text=&#8220;WOHNRAUM&#8220; font_container=&#8220;tag:h3|text_align:left|color:%23E0DAD9&#8243; google_fonts=&#8220;font_family:Ubuntu%3A300%2C300italic%2Cregular%2Citalic%2C500%2C500italic%2C700%2C700italic|font_style:500%20bold%20regular%3A500%3Anormal&#8220; css=&#8220;&#8220;][vc_column_text css=&#8220;&#8220;]<\/p>\n<p style=\"text-align: left;\"><span style=\"color: #e0dad9;\">Der gro\u00dfz\u00fcgige Wohnraum l\u00e4dt zum Entspannen ein: Auf ca. 30 m\u00b2 finden Sie eine gem\u00fctliche Sitzlandschaft, angenehmes Licht und einen herrlichen Blick auf unseren sch\u00f6nen Naturgarten. Stilvoll eingerichtet \u2013 ankommen und wohlf\u00fchlen.<\/span><\/p>\n<p>[\/vc_column_text][\/vc_column_inner][vc_column_inner width=&#8220;1\/3&#8243;][vc_single_image image=&#8220;118&#8243; img_size=&#8220;full&#8220; style=&#8220;vc_box_shadow_circle_2&#8243; css=&#8220;&#8220;][\/vc_column_inner][\/vc_row_inner][vc_row_inner content_placement=&#8220;middle&#8220; gap=&#8220;25&#8243; css=&#8220;.vc_custom_1762264506761{margin-right: 5px !important;margin-left: 5px !important;}&#8220;][vc_column_inner width=&#8220;1\/3&#8243;][vc_single_image image=&#8220;119&#8243; img_size=&#8220;full&#8220; style=&#8220;vc_box_shadow_circle_2&#8243; css=&#8220;&#8220;][\/vc_column_inner][vc_column_inner width=&#8220;2\/3&#8243;][vc_custom_heading text=&#8220;K\u00dcCHE&#8220; font_container=&#8220;tag:h3|text_align:left|color:%23E0DAD9&#8243; google_fonts=&#8220;font_family:Ubuntu%3A300%2C300italic%2Cregular%2Citalic%2C500%2C500italic%2C700%2C700italic|font_style:500%20bold%20regular%3A500%3Anormal&#8220; css=&#8220;&#8220;][vc_column_text css=&#8220;&#8220;]<\/p>\n<p style=\"text-align: left;\"><span style=\"color: #e0dad9;\">Die K\u00fcche des Apartments verbindet Funktionalit\u00e4t und Stil: Eine voll ausgestattete K\u00fcchenzeile mit hochwertigen Ger\u00e4ten, Ausreichend Raum f\u00fcr gemeinsames Kochen. Ideal f\u00fcr gem\u00fctliche Abende und unkomplizierte Mahlzeiten im Urlaub.<\/span><\/p>\n<p>[\/vc_column_text][\/vc_column_inner][\/vc_row_inner][vc_empty_space][\/vc_column][vc_column width=&#8220;1\/6&#8243;][\/vc_column][\/vc_row][vc_row full_width=&#8220;stretch_row&#8220; css=&#8220;.vc_custom_1762243153993{background-color: #E0DAD9 !important;background-position: center !important;background-repeat: no-repeat !important;background-size: cover !important;}&#8220;][vc_column width=&#8220;1\/6&#8243;][\/vc_column][vc_column width=&#8220;2\/3&#8243;][vc_empty_space][vc_row_inner css=&#8220;.vc_custom_1762264513259{margin-right: 5px !important;margin-left: 5px !important;}&#8220;][vc_column_inner width=&#8220;1\/3&#8243;][vc_column_text css=&#8220;&#8220;]<img loading=\"lazy\" decoding=\"async\" class=\"aligncenter wp-image-199\" src=\"http:\/\/maleo-am-lech.at\/wp-content\/uploads\/2025\/11\/Maleo_am_Lech_Icons-08-300x300.png\" alt=\"\" width=\"80\" height=\"80\" srcset=\"https:\/\/maleo-am-lech.at\/wp-content\/uploads\/2025\/11\/Maleo_am_Lech_Icons-08-300x300.png 300w, https:\/\/maleo-am-lech.at\/wp-content\/uploads\/2025\/11\/Maleo_am_Lech_Icons-08-150x150.png 150w, https:\/\/maleo-am-lech.at\/wp-content\/uploads\/2025\/11\/Maleo_am_Lech_Icons-08.png 417w\" sizes=\"auto, (max-width: 80px) 100vw, 80px\" \/>[\/vc_column_text][vc_custom_heading text=&#8220;KOMFORT&#8220; font_container=&#8220;tag:h3|text_align:center|color:%23005A5C&#8220; google_fonts=&#8220;font_family:Ubuntu%3A300%2C300italic%2Cregular%2Citalic%2C500%2C500italic%2C700%2C700italic|font_style:500%20bold%20regular%3A500%3Anormal&#8220; css=&#8220;&#8220;][vc_column_text css=&#8220;&#8220;]<\/p>\n<p style=\"text-align: center;\"><span style=\"color: #64605e;\">Warme Farben und mitten in der Natur f\u00fcr ein besonderes Wohngef\u00fchl.<\/span><\/p>\n<p>[\/vc_column_text][\/vc_column_inner][vc_column_inner width=&#8220;1\/3&#8243;][vc_column_text css=&#8220;&#8220;]<img loading=\"lazy\" decoding=\"async\" class=\"aligncenter wp-image-198\" src=\"http:\/\/maleo-am-lech.at\/wp-content\/uploads\/2025\/11\/Maleo_am_Lech_Icons-07-300x300.png\" alt=\"\" width=\"80\" height=\"80\" srcset=\"https:\/\/maleo-am-lech.at\/wp-content\/uploads\/2025\/11\/Maleo_am_Lech_Icons-07-300x300.png 300w, https:\/\/maleo-am-lech.at\/wp-content\/uploads\/2025\/11\/Maleo_am_Lech_Icons-07-150x150.png 150w, https:\/\/maleo-am-lech.at\/wp-content\/uploads\/2025\/11\/Maleo_am_Lech_Icons-07.png 418w\" sizes=\"auto, (max-width: 80px) 100vw, 80px\" \/>[\/vc_column_text][vc_custom_heading text=&#8220;LAGE&#8220; font_container=&#8220;tag:h3|text_align:center|color:%23005A5C&#8220; google_fonts=&#8220;font_family:Ubuntu%3A300%2C300italic%2Cregular%2Citalic%2C500%2C500italic%2C700%2C700italic|font_style:500%20bold%20regular%3A500%3Anormal&#8220; css=&#8220;&#8220;][vc_column_text css=&#8220;&#8220;]<\/p>\n<p style=\"text-align: center;\"><span style=\"color: #64605e;\">Zentral im Lechtal \u2013 idealer Ausgangspunkt f\u00fcr Ausfl\u00fcge, Aktivit\u00e4ten und Entspannung zu jeder Jahreszeit.<\/span><\/p>\n<p>[\/vc_column_text][\/vc_column_inner][vc_column_inner width=&#8220;1\/3&#8243;][vc_column_text css=&#8220;&#8220;]<img loading=\"lazy\" decoding=\"async\" class=\"aligncenter wp-image-200\" src=\"http:\/\/maleo-am-lech.at\/wp-content\/uploads\/2025\/11\/Maleo_am_Lech_Icons-12-300x300.png\" alt=\"\" width=\"80\" height=\"80\" srcset=\"https:\/\/maleo-am-lech.at\/wp-content\/uploads\/2025\/11\/Maleo_am_Lech_Icons-12-300x300.png 300w, https:\/\/maleo-am-lech.at\/wp-content\/uploads\/2025\/11\/Maleo_am_Lech_Icons-12-150x150.png 150w, https:\/\/maleo-am-lech.at\/wp-content\/uploads\/2025\/11\/Maleo_am_Lech_Icons-12.png 418w\" sizes=\"auto, (max-width: 80px) 100vw, 80px\" \/>[\/vc_column_text][vc_custom_heading text=&#8220;FAMILI\u00c4R&#8220; font_container=&#8220;tag:h3|text_align:center|color:%23005A5C&#8220; google_fonts=&#8220;font_family:Ubuntu%3A300%2C300italic%2Cregular%2Citalic%2C500%2C500italic%2C700%2C700italic|font_style:500%20bold%20regular%3A500%3Anormal&#8220; css=&#8220;&#8220;][vc_column_text css=&#8220;&#8220;]<\/p>\n<p style=\"text-align: center;\"><span style=\"color: #64605e;\">Pers\u00f6nlich, herzlich und mit Leidenschaft gef\u00fchrt \u2013 f\u00fchl dich rundum willkommen.<\/span><\/p>\n<p>[\/vc_column_text][\/vc_column_inner][\/vc_row_inner][vc_empty_space][\/vc_column][vc_column width=&#8220;1\/6&#8243;][\/vc_column][\/vc_row][vc_row css=&#8220;.vc_custom_1762264519626{margin-right: 5px !important;margin-left: 5px !important;}&#8220;][vc_column width=&#8220;1\/6&#8243;][\/vc_column][vc_column width=&#8220;2\/3&#8243;][vc_empty_space][vc_row_inner][vc_column_inner width=&#8220;1\/3&#8243;][vc_single_image image=&#8220;84&#8243; img_size=&#8220;full&#8220; style=&#8220;vc_box_shadow&#8220; css=&#8220;&#8220;][\/vc_column_inner][vc_column_inner width=&#8220;1\/3&#8243;][vc_single_image image=&#8220;122&#8243; img_size=&#8220;full&#8220; style=&#8220;vc_box_shadow&#8220; css=&#8220;&#8220;][\/vc_column_inner][vc_column_inner width=&#8220;1\/3&#8243;][vc_single_image image=&#8220;85&#8243; img_size=&#8220;full&#8220; style=&#8220;vc_box_shadow&#8220; css=&#8220;&#8220;][\/vc_column_inner][\/vc_row_inner][vc_empty_space][\/vc_column][vc_column width=&#8220;1\/6&#8243;][\/vc_column][\/vc_row][vc_row css=&#8220;.vc_custom_1762264526064{margin-right: 5px !important;margin-left: 5px !important;}&#8220;][vc_column width=&#8220;1\/4&#8243;][\/vc_column][vc_column width=&#8220;1\/2&#8243;][vc_custom_heading text=&#8220;FR\u00dcHST\u00dcCK&#8220; font_container=&#8220;tag:h3|text_align:center|color:%2300868A&#8220; google_fonts=&#8220;font_family:Ubuntu%3A300%2C300italic%2Cregular%2Citalic%2C500%2C500italic%2C700%2C700italic|font_style:500%20bold%20regular%3A500%3Anormal&#8220; css=&#8220;&#8220;][vc_column_text css=&#8220;&#8220;]<\/p>\n<p style=\"text-align: center;\"><span style=\"color: #64605e;\"><strong>Starten Sie den Tag mit Genuss.<\/strong><br \/>\nFrischer Kaffee, gute Laune und die klare Tiroler Luft sorgen f\u00fcr den perfekten Beginn Ihres Urlaubstages. Auf Wunsch genie\u00dfen Sie unseren <strong>Br\u00f6tchenservice<\/strong>\u00a0und schmecken die Frische unserer <strong>eigenen Bio-Eier<\/strong> (saisonal).<\/span><\/p>\n<p>[\/vc_column_text][vc_btn title=&#8220;SERVICE&#8220; style=&#8220;outline-custom&#8220; outline_custom_color=&#8220;#00868A&#8220; outline_custom_hover_background=&#8220;#FFFFFF&#8220; outline_custom_hover_text=&#8220;#00868A&#8220; shape=&#8220;square&#8220; align=&#8220;center&#8220; css=&#8220;&#8220; link=&#8220;url:https%3A%2F%2Fmaleo-am-lech.at%2Findex.php%2Fservice%2F|title:Service&#8220;][vc_empty_space][\/vc_column][vc_column width=&#8220;1\/4&#8243;][\/vc_column][\/vc_row]<\/p>\n<\/div>","protected":false},"excerpt":{"rendered":"<p>[vc_row css=&#8220;.vc_custom_1762264485329{margin-top: -40px !important;margin-right: 5px !important;margin-left: 5px !important;}&#8220;][vc_column width=&#8220;1\/6&#8243;][\/vc_column][vc_column width=&#8220;2\/3&#8243;][vc_row_inner content_placement=&#8220;middle&#8220; gap=&#8220;10&#8243;][vc_column_inner width=&#8220;1\/3&#8243;][vc_single_image image=&#8220;115&#8243; img_size=&#8220;full&#8220; style=&#8220;vc_box_shadow&#8220; css=&#8220;&#8220;][\/vc_column_inner][vc_column_inner width=&#8220;1\/3&#8243;][vc_single_image image=&#8220;116&#8243; img_size=&#8220;full&#8220; style=&#8220;vc_box_shadow&#8220; css=&#8220;&#8220;][\/vc_column_inner][vc_column_inner width=&#8220;1\/3&#8243;][vc_column_text css_animation=&#8220;bounceIn&#8220; css=&#8220;&#8220;][\/vc_column_text][vc_column_text css=&#8220;.vc_custom_1762856314258{margin-top: -20px !important;}&#8220;] Ihr R\u00fcckzugsort f\u00fcr Erholung. Auf ca. 30 m\u00b2 bietet das Maleo am Lech modernen Komfort und stilvolles Design. Ideal f\u00fcr Paare, die [&hellip;]<\/p>\n","protected":false},"author":3,"featured_media":0,"parent":0,"menu_order":0,"comment_status":"closed","ping_status":"closed","template":"page-templates\/full-width-builder-bb.php","meta":{"footnotes":""},"class_list":["post-95","page","type-page","status-publish","hentry"],"_links":{"self":[{"href":"https:\/\/maleo-am-lech.at\/index.php\/wp-json\/wp\/v2\/pages\/95","targetHints":{"allow":["GET"]}}],"collection":[{"href":"https:\/\/maleo-am-lech.at\/index.php\/wp-json\/wp\/v2\/pages"}],"about":[{"href":"https:\/\/maleo-am-lech.at\/index.php\/wp-json\/wp\/v2\/types\/page"}],"author":[{"embeddable":true,"href":"https:\/\/maleo-am-lech.at\/index.php\/wp-json\/wp\/v2\/users\/3"}],"replies":[{"embeddable":true,"href":"https:\/\/maleo-am-lech.at\/index.php\/wp-json\/wp\/v2\/comments?post=95"}],"version-history":[{"count":35,"href":"https:\/\/maleo-am-lech.at\/index.php\/wp-json\/wp\/v2\/pages\/95\/revisions"}],"predecessor-version":[{"id":319,"href":"https:\/\/maleo-am-lech.at\/index.php\/wp-json\/wp\/v2\/pages\/95\/revisions\/319"}],"wp:attachment":[{"href":"https:\/\/maleo-am-lech.at\/index.php\/wp-json\/wp\/v2\/media?parent=95"}],"curies":[{"name":"wp","href":"https:\/\/api.w.org\/{rel}","templated":true}]}}